{"id":273,"date":"2022-07-25T05:09:42","date_gmt":"2022-07-25T05:09:42","guid":{"rendered":"https:\/\/jadepatisson.com\/?page_id=273"},"modified":"2025-03-09T11:37:01","modified_gmt":"2025-03-09T11:37:01","slug":"273-2","status":"publish","type":"page","link":"https:\/\/jadepatisson.com\/?page_id=273","title":{"rendered":"Chor\u00e9graphe (Accueil)"},"content":{"rendered":"<p>[et_pb_section fb_built=\u00a0\u00bb1&Prime; custom_padding_last_edited=\u00a0\u00bboff|desktop\u00a0\u00bb admin_label=\u00a0\u00bbHero\u00a0\u00bb _builder_version=\u00a0\u00bb4.17.6&Prime; background_enable_color=\u00a0\u00bboff\u00a0\u00bb use_background_color_gradient=\u00a0\u00bbon\u00a0\u00bb background_color_gradient_direction=\u00a0\u00bb90deg\u00a0\u00bb background_color_gradient_stops=\u00a0\u00bbrgba(0,0,0,0.75) 0%|rgba(0,0,0,0.2) 100%\u00a0\u00bb background_color_gradient_overlays_image=\u00a0\u00bbon\u00a0\u00bb background_color_gradient_start=\u00a0\u00bbrgba(0,0,0,0.75)\u00a0\u00bb background_color_gradient_end=\u00a0\u00bbrgba(0,0,0,0.2)\u00a0\u00bb background_image=\u00a0\u00bbhttps:\/\/jadepatisson.com\/wp-content\/uploads\/2022\/07\/15250718_10154831153448338_1144363603271618187_o-1.jpg\u00a0\u00bb custom_margin=\u00a0\u00bb||-1px|||\u00a0\u00bb custom_padding=\u00a0\u00bb5%||5%|||\u00a0\u00bb global_colors_info=\u00a0\u00bb{}\u00a0\u00bb][et_pb_row _builder_version=\u00a0\u00bb4.25.0&Prime; background_size=\u00a0\u00bbinitial\u00a0\u00bb background_position=\u00a0\u00bbtop_left\u00a0\u00bb background_repeat=\u00a0\u00bbrepeat\u00a0\u00bb custom_margin=\u00a0\u00bb|||\u00a0\u00bb custom_padding=\u00a0\u00bb|0px||||\u00a0\u00bb animation_style=\u00a0\u00bbzoom\u00a0\u00bb animation_intensity_zoom=\u00a0\u00bb4%\u00a0\u00bb global_colors_info=\u00a0\u00bb{}\u00a0\u00bb][et_pb_column type=\u00a0\u00bb4_4&Prime; _builder_version=\u00a0\u00bb4.16&Prime; custom_padding=\u00a0\u00bb|||\u00a0\u00bb global_colors_info=\u00a0\u00bb{}\u00a0\u00bb custom_padding__hover=\u00a0\u00bb|||\u00a0\u00bb][et_pb_text admin_label=\u00a0\u00bbSubtitle\u00a0\u00bb _builder_version=\u00a0\u00bb4.17.6&Prime; text_font=\u00a0\u00bbMontserrat||||||||\u00a0\u00bb text_font_size=\u00a0\u00bb16px\u00a0\u00bb header_font=\u00a0\u00bb||||||||\u00a0\u00bb background_layout=\u00a0\u00bbdark\u00a0\u00bb max_width=\u00a0\u00bb600px\u00a0\u00bb animation_style=\u00a0\u00bbfold\u00a0\u00bb animation_direction=\u00a0\u00bbbottom\u00a0\u00bb animation_intensity_fold=\u00a0\u00bb30%\u00a0\u00bb animation_starting_opacity=\u00a0\u00bb100%\u00a0\u00bb global_colors_info=\u00a0\u00bb{}\u00a0\u00bb]<\/p>\n<p>Jade Patisson &#8211; Artiste<\/p>\n<p>[\/et_pb_text][et_pb_text admin_label=\u00a0\u00bbTitle\u00a0\u00bb _builder_version=\u00a0\u00bb4.16&Prime; text_font=\u00a0\u00bb||||||||\u00a0\u00bb header_font=\u00a0\u00bbCormorant Garamond|700|||||||\u00a0\u00bb header_font_size=\u00a0\u00bb64px\u00a0\u00bb background_layout=\u00a0\u00bbdark\u00a0\u00bb max_width=\u00a0\u00bb600px\u00a0\u00bb animation_style=\u00a0\u00bbfold\u00a0\u00bb animation_direction=\u00a0\u00bbbottom\u00a0\u00bb animation_delay=\u00a0\u00bb50ms\u00a0\u00bb animation_intensity_fold=\u00a0\u00bb30%\u00a0\u00bb animation_starting_opacity=\u00a0\u00bb100%\u00a0\u00bb global_colors_info=\u00a0\u00bb{}\u00a0\u00bb]<\/p>\n<h1>Chor\u00e9graphe<\/h1>\n<p>[\/et_pb_text][et_pb_text _builder_version=\u00a0\u00bb4.25.0&Prime; text_font=\u00a0\u00bbCormorant Garamond|500|||||||\u00a0\u00bb text_font_size=\u00a0\u00bb24px\u00a0\u00bb text_line_height=\u00a0\u00bb1.8em\u00a0\u00bb header_font=\u00a0\u00bb||||||||\u00a0\u00bb background_layout=\u00a0\u00bbdark\u00a0\u00bb max_width=\u00a0\u00bb1091px\u00a0\u00bb custom_margin=\u00a0\u00bb|-267px||||\u00a0\u00bb custom_padding=\u00a0\u00bb|0px|0px|9px||\u00a0\u00bb animation_style=\u00a0\u00bbfold\u00a0\u00bb animation_direction=\u00a0\u00bbbottom\u00a0\u00bb animation_delay=\u00a0\u00bb100ms\u00a0\u00bb animation_intensity_fold=\u00a0\u00bb30%\u00a0\u00bb animation_starting_opacity=\u00a0\u00bb100%\u00a0\u00bb global_colors_info=\u00a0\u00bb{}\u00a0\u00bb]<\/p>\n<p style=\"text-align: justify;\">D&rsquo;abord gymnaste de haut niveau, devenue danseuse acrobate com\u00e9dienne et chanteuse de profession, j&rsquo;ai toujours port\u00e9 un grand int\u00e9r\u00eat pour la cr\u00e9ation artistique, aussi bien chor\u00e9graphique que sc\u00e9nique.<\/p>\n<p style=\"text-align: justify;\">Ainsi, tr\u00e8s rapidement, j&rsquo;ai \u00e9t\u00e9 amen\u00e9e \u00e0 mettre en sc\u00e8ne et chor\u00e9graphier de nombreux spectacles, principalement avec des enfants et adolescents.<\/p>\n<p style=\"text-align: justify;\">Derni\u00e8rement, j&rsquo;ai co-travaill\u00e9 sur la mise en sc\u00e8ne et la cr\u00e9ation chor\u00e9graphique et spectaculaire du show des 150 ans de la F\u00e9d\u00e9ration Fran\u00e7aise de Gymnastique (FFG), qui a eu lieu \u00e0 l&rsquo;Accor H\u00f4tel Arena de Paris-Bercy les 15-16 et 17 Septembre 2023.<\/p>\n<p style=\"text-align: justify;\">Ayant un parcours atypique, mon inspiration artistique est le reflet de ma personnalit\u00e9, riche de mes exp\u00e9riences vari\u00e9es.<\/p>\n<p style=\"text-align: justify;\">On retrouve tout de m\u00eame quelques \u00e9l\u00e9ments essentiels qui, ensemble contribuent \u00e0 d\u00e9finir cet univers qui m&rsquo;est propre :<br \/>&#8211; la mobilit\u00e9 de la colonne ;<br \/>&#8211; les isolations ;<br \/>&#8211; la pr\u00e9cision de la gestuelle ;<br \/>&#8211; la musicalit\u00e9 ;<br \/>&#8211; l&rsquo;originalit\u00e9 ;<br \/>&#8211; le m\u00e9lange des styles et des discipline ;<br \/>&#8211; les contrastes : qu&rsquo;il s&rsquo;agisse de rythme lent\/rapide, de niveau haut\/bas, de fluidit\u00e9\/rigidit\u00e9, d&rsquo;\u00e9nergies, de formes, etc ;<br \/>&#8211; l&rsquo;effet visuel et notamment l&rsquo;utilisation de l&rsquo;espace pour \u00ab\u00a0en mettre plein les yeux du spectateur\u00a0\u00bb ;<br \/>&#8211; l&rsquo;interpr\u00e9tation du corps et l&rsquo;expression du visage.<\/p>\n<p style=\"text-align: justify;\">\n<p>[\/et_pb_text][\/et_pb_column][\/et_pb_row][\/et_pb_section][et_pb_section fb_built=\u00a0\u00bb1&Prime; _builder_version=\u00a0\u00bb4.17.6&Prime; _module_preset=\u00a0\u00bbdefault\u00a0\u00bb background_color=\u00a0\u00bb#000000&Prime; locked=\u00a0\u00bboff\u00a0\u00bb global_colors_info=\u00a0\u00bb{}\u00a0\u00bb][et_pb_row module_id=\u00a0\u00bbContact\u00a0\u00bb _builder_version=\u00a0\u00bb4.17.6&Prime; _module_preset=\u00a0\u00bbdefault\u00a0\u00bb global_colors_info=\u00a0\u00bb{}\u00a0\u00bb][et_pb_column type=\u00a0\u00bb4_4&Prime; _builder_version=\u00a0\u00bb4.17.6&Prime; _module_preset=\u00a0\u00bbdefault\u00a0\u00bb global_colors_info=\u00a0\u00bb{}\u00a0\u00bb][et_pb_text _builder_version=\u00a0\u00bb4.17.6&Prime; _module_preset=\u00a0\u00bbdefault\u00a0\u00bb min_height=\u00a0\u00bb159.8px\u00a0\u00bb custom_margin=\u00a0\u00bb1px|||||\u00a0\u00bb custom_padding=\u00a0\u00bb0px|||||\u00a0\u00bb global_colors_info=\u00a0\u00bb{}\u00a0\u00bb]<\/p>\n<h1><span style=\"color: #ffffff;\"><strong>CONTACT<\/strong><\/span><\/h1>\n<p>&nbsp;<\/p>\n<h3><span style=\"color: #ffffff;\"><a href=\"mailto:jadepatisson@gmail.com\" style=\"color: #ffffff;\">jade.patisson@gmail.com<\/a><\/span><\/h3>\n<p><span style=\"color: #ffffff;\"><\/span><\/p>\n<p>&nbsp;<\/p>\n<h1><a href=\"https:\/\/www.instagram.com\/jade.patisson\/\"><img loading=\"lazy\" decoding=\"async\" src=\"https:\/\/jadepatisson.com\/wp-content\/uploads\/2022\/08\/Instagram-logo-1-150x150.png\" width=\"99\" height=\"99\" alt=\"\" class=\"wp-image-612 alignnone size-thumbnail\" \/><\/a><\/h1>\n<p>[\/et_pb_text][\/et_pb_column][\/et_pb_row][\/et_pb_section]<\/p>\n","protected":false},"excerpt":{"rendered":"<p>Jade Patisson &#8211; ArtisteChor\u00e9grapheD&rsquo;abord gymnaste de haut niveau, devenue danseuse acrobate com\u00e9dienne et chanteuse de profession, j&rsquo;ai toujours port\u00e9 un grand int\u00e9r\u00eat pour la cr\u00e9ation artistique, aussi bien chor\u00e9graphique que sc\u00e9nique. Ainsi, tr\u00e8s rapidement, j&rsquo;ai \u00e9t\u00e9 amen\u00e9e \u00e0 mettre en sc\u00e8ne et chor\u00e9graphier de nombreux spectacles, principalement avec des enfants et adolescents. Derni\u00e8rement, j&rsquo;ai co-travaill\u00e9 [&hellip;]<\/p>\n","protected":false},"author":2,"featured_media":0,"parent":0,"menu_order":0,"comment_status":"closed","ping_status":"closed","template":"","meta":{"_et_pb_use_builder":"on","_et_pb_old_content":"","_et_gb_content_width":"","footnotes":""},"class_list":["post-273","page","type-page","status-publish","hentry"],"_links":{"self":[{"href":"https:\/\/jadepatisson.com\/index.php?rest_route=\/wp\/v2\/pages\/273","targetHints":{"allow":["GET"]}}],"collection":[{"href":"https:\/\/jadepatisson.com\/index.php?rest_route=\/wp\/v2\/pages"}],"about":[{"href":"https:\/\/jadepatisson.com\/index.php?rest_route=\/wp\/v2\/types\/page"}],"author":[{"embeddable":true,"href":"https:\/\/jadepatisson.com\/index.php?rest_route=\/wp\/v2\/users\/2"}],"replies":[{"embeddable":true,"href":"https:\/\/jadepatisson.com\/index.php?rest_route=%2Fwp%2Fv2%2Fcomments&post=273"}],"version-history":[{"count":20,"href":"https:\/\/jadepatisson.com\/index.php?rest_route=\/wp\/v2\/pages\/273\/revisions"}],"predecessor-version":[{"id":1311,"href":"https:\/\/jadepatisson.com\/index.php?rest_route=\/wp\/v2\/pages\/273\/revisions\/1311"}],"wp:attachment":[{"href":"https:\/\/jadepatisson.com\/index.php?rest_route=%2Fwp%2Fv2%2Fmedia&parent=273"}],"curies":[{"name":"wp","href":"https:\/\/api.w.org\/{rel}","templated":true}]}}