{"id":422,"date":"2022-07-25T20:54:45","date_gmt":"2022-07-25T20:54:45","guid":{"rendered":"https:\/\/jadepatisson.com\/?page_id=422"},"modified":"2025-03-04T22:38:58","modified_gmt":"2025-03-04T22:38:58","slug":"422-2","status":"publish","type":"page","link":"https:\/\/jadepatisson.com\/?page_id=422","title":{"rendered":"Danseuse &#038; Acrobate (Danseuse)"},"content":{"rendered":"<p>[et_pb_section fb_built=\u00a0\u00bb1&Prime; custom_padding_last_edited=\u00a0\u00bboff|desktop\u00a0\u00bb admin_label=\u00a0\u00bbHero\u00a0\u00bb _builder_version=\u00a0\u00bb4.17.6&Prime; use_background_color_gradient=\u00a0\u00bbon\u00a0\u00bb background_color_gradient_direction=\u00a0\u00bb90deg\u00a0\u00bb background_color_gradient_stops=\u00a0\u00bbrgba(0,0,0,0.75) 0%|rgba(0,0,0,0.2) 100%\u00a0\u00bb background_color_gradient_overlays_image=\u00a0\u00bbon\u00a0\u00bb background_color_gradient_start=\u00a0\u00bbrgba(0,0,0,0.75)\u00a0\u00bb background_color_gradient_end=\u00a0\u00bbrgba(0,0,0,0.2)\u00a0\u00bb background_image=\u00a0\u00bbhttps:\/\/jadepatisson.com\/wp-content\/uploads\/2022\/07\/IMG_1592b-scaled.jpg\u00a0\u00bb min_height=\u00a0\u00bb100px\u00a0\u00bb max_height=\u00a0\u00bb488px\u00a0\u00bb custom_padding=\u00a0\u00bb2.8%||11.3%|||\u00a0\u00bb global_colors_info=\u00a0\u00bb{}\u00a0\u00bb][et_pb_row _builder_version=\u00a0\u00bb4.16&Prime; background_size=\u00a0\u00bbinitial\u00a0\u00bb background_position=\u00a0\u00bbtop_left\u00a0\u00bb background_repeat=\u00a0\u00bbrepeat\u00a0\u00bb width=\u00a0\u00bb65.7%\u00a0\u00bb custom_margin=\u00a0\u00bb|auto|-8px|auto||\u00a0\u00bb custom_padding=\u00a0\u00bb29px|||||\u00a0\u00bb animation_style=\u00a0\u00bbzoom\u00a0\u00bb animation_intensity_zoom=\u00a0\u00bb4%\u00a0\u00bb global_colors_info=\u00a0\u00bb{}\u00a0\u00bb][et_pb_column type=\u00a0\u00bb4_4&Prime; _builder_version=\u00a0\u00bb4.16&Prime; custom_padding=\u00a0\u00bb|||\u00a0\u00bb global_colors_info=\u00a0\u00bb{}\u00a0\u00bb custom_padding__hover=\u00a0\u00bb|||\u00a0\u00bb][et_pb_text admin_label=\u00a0\u00bbSubtitle\u00a0\u00bb _builder_version=\u00a0\u00bb4.17.6&Prime; text_font=\u00a0\u00bbMontserrat||||||||\u00a0\u00bb text_font_size=\u00a0\u00bb16px\u00a0\u00bb header_font=\u00a0\u00bb||||||||\u00a0\u00bb background_layout=\u00a0\u00bbdark\u00a0\u00bb max_width=\u00a0\u00bb600px\u00a0\u00bb animation_style=\u00a0\u00bbfold\u00a0\u00bb animation_direction=\u00a0\u00bbbottom\u00a0\u00bb animation_intensity_fold=\u00a0\u00bb30%\u00a0\u00bb animation_starting_opacity=\u00a0\u00bb100%\u00a0\u00bb global_colors_info=\u00a0\u00bb{}\u00a0\u00bb]<\/p>\n<p>Jade Patisson &#8211; Artiste<\/p>\n<p>[\/et_pb_text][et_pb_text admin_label=\u00a0\u00bbTitle\u00a0\u00bb _builder_version=\u00a0\u00bb4.16&Prime; text_font=\u00a0\u00bb||||||||\u00a0\u00bb header_font=\u00a0\u00bbCormorant Garamond|700|||||||\u00a0\u00bb header_font_size=\u00a0\u00bb64px\u00a0\u00bb background_layout=\u00a0\u00bbdark\u00a0\u00bb max_width=\u00a0\u00bb600px\u00a0\u00bb custom_margin=\u00a0\u00bb|-152px||||\u00a0\u00bb animation_style=\u00a0\u00bbfold\u00a0\u00bb animation_direction=\u00a0\u00bbbottom\u00a0\u00bb animation_delay=\u00a0\u00bb50ms\u00a0\u00bb animation_intensity_fold=\u00a0\u00bb30%\u00a0\u00bb animation_starting_opacity=\u00a0\u00bb100%\u00a0\u00bb global_colors_info=\u00a0\u00bb{}\u00a0\u00bb]<\/p>\n<h1><em>Danseuse-Interpr\u00e8te<\/em><\/h1>\n<h1><em>&amp; Acrobate<\/em><\/h1>\n<p>[\/et_pb_text][et_pb_text _builder_version=\u00a0\u00bb4.16&Prime; text_font=\u00a0\u00bbCormorant Garamond|500|||||||\u00a0\u00bb text_font_size=\u00a0\u00bb24px\u00a0\u00bb text_line_height=\u00a0\u00bb1.8em\u00a0\u00bb header_font=\u00a0\u00bb||||||||\u00a0\u00bb background_layout=\u00a0\u00bbdark\u00a0\u00bb max_width=\u00a0\u00bb600px\u00a0\u00bb custom_padding=\u00a0\u00bb||0px|||\u00a0\u00bb animation_style=\u00a0\u00bbfold\u00a0\u00bb animation_direction=\u00a0\u00bbbottom\u00a0\u00bb animation_delay=\u00a0\u00bb100ms\u00a0\u00bb animation_intensity_fold=\u00a0\u00bb30%\u00a0\u00bb animation_starting_opacity=\u00a0\u00bb100%\u00a0\u00bb global_colors_info=\u00a0\u00bb{}\u00a0\u00bb]<\/p>\n<p>Un parcours atypique, de la gymnaste de Haut-Niveau \u00e0 la danseuse professionelle&#8230;<\/p>\n<p>[\/et_pb_text][\/et_pb_column][\/et_pb_row][\/et_pb_section][et_pb_section fb_built=\u00a0\u00bb1&Prime; _builder_version=\u00a0\u00bb4.24.2&Prime; _module_preset=\u00a0\u00bbdefault\u00a0\u00bb background_color=\u00a0\u00bb#f2f2f2&Prime; background_enable_image=\u00a0\u00bboff\u00a0\u00bb background_blend=\u00a0\u00bbmultiply\u00a0\u00bb custom_margin=\u00a0\u00bb-2px|||||\u00a0\u00bb custom_padding=\u00a0\u00bb44px||0px|||\u00a0\u00bb global_colors_info=\u00a0\u00bb{}\u00a0\u00bb][et_pb_row column_structure=\u00a0\u00bb1_2,1_2&Prime; _builder_version=\u00a0\u00bb4.24.2&Prime; _module_preset=\u00a0\u00bbdefault\u00a0\u00bb global_colors_info=\u00a0\u00bb{}\u00a0\u00bb][et_pb_column type=\u00a0\u00bb1_2&Prime; _builder_version=\u00a0\u00bb4.24.2&Prime; _module_preset=\u00a0\u00bbdefault\u00a0\u00bb global_colors_info=\u00a0\u00bb{}\u00a0\u00bb][et_pb_image src=\u00a0\u00bbhttps:\/\/jadepatisson.com\/wp-content\/uploads\/2025\/03\/1080X1080.jpg\u00a0\u00bb title_text=\u00a0\u00bb1080X1080&Prime; url=\u00a0\u00bbhttps:\/\/starmusical.com\/\u00a0\u00bb align=\u00a0\u00bbcenter\u00a0\u00bb _builder_version=\u00a0\u00bb4.27.4&Prime; _module_preset=\u00a0\u00bbdefault\u00a0\u00bb transform_translate=\u00a0\u00bb7px|-22px\u00a0\u00bb width=\u00a0\u00bb60%\u00a0\u00bb custom_margin=\u00a0\u00bb|86px||||\u00a0\u00bb custom_padding=\u00a0\u00bb|||2px||\u00a0\u00bb hover_enabled=\u00a0\u00bb0&Prime; global_colors_info=\u00a0\u00bb{}\u00a0\u00bb sticky_enabled=\u00a0\u00bb0&Prime;][\/et_pb_image][\/et_pb_column][et_pb_column type=\u00a0\u00bb1_2&Prime; _builder_version=\u00a0\u00bb4.24.2&Prime; _module_preset=\u00a0\u00bbdefault\u00a0\u00bb global_colors_info=\u00a0\u00bb{}\u00a0\u00bb][et_pb_text _builder_version=\u00a0\u00bb4.27.4&Prime; _module_preset=\u00a0\u00bbdefault\u00a0\u00bb text_text_color=\u00a0\u00bb#4f4f4f\u00a0\u00bb text_font_size=\u00a0\u00bb15px\u00a0\u00bb background_enable_image=\u00a0\u00bboff\u00a0\u00bb custom_margin=\u00a0\u00bb1px|||||\u00a0\u00bb hover_enabled=\u00a0\u00bb0&Prime; global_colors_info=\u00a0\u00bb{}\u00a0\u00bb sticky_enabled=\u00a0\u00bb0&Prime; custom_padding=\u00a0\u00bb0px||5px|||\u00a0\u00bb min_height=\u00a0\u00bb263.4px\u00a0\u00bb]<\/p>\n<p style=\"text-align: justify;\">Actuellement <strong>chanteuse,<\/strong> <strong>danseuse-interpr\u00e8te et acrobate<\/strong> dans le Spectacle Musical <span style=\"text-decoration: underline; color: #474747;\"><a href=\"https:\/\/starmusical.com\/\" style=\"color: #474747;\"><strong><em>STARMUSICAL<\/em><\/strong><\/a><\/span> qui d\u00e9butera le 13 F\u00e9vrier 2025 aux Folies Berg\u00e8re \u00e0 Paris et partira en Tourn\u00e9e dans toute la France.<\/p>\n<p>Production : Cheyenne Production<\/p>\n<p>Mise en sc\u00e8ne : David Alexis<\/p>\n<p>Direction musicale : Eric Melville<\/p>\n<p>Chor\u00e9graphies : Delphine Attal<\/p>\n<p>Assistant Chor\u00e9graphies : Gaetan Renaudin<\/p>\n<p>[\/et_pb_text][\/et_pb_column][\/et_pb_row][\/et_pb_section][et_pb_section fb_built=\u00a0\u00bb1&Prime; _builder_version=\u00a0\u00bb4.24.2&Prime; _module_preset=\u00a0\u00bbdefault\u00a0\u00bb custom_padding=\u00a0\u00bb3px||6px|||\u00a0\u00bb global_colors_info=\u00a0\u00bb{}\u00a0\u00bb][et_pb_row column_structure=\u00a0\u00bb1_2,1_2&Prime; _builder_version=\u00a0\u00bb4.24.2&Prime; _module_preset=\u00a0\u00bbdefault\u00a0\u00bb width=\u00a0\u00bb50.6%\u00a0\u00bb global_colors_info=\u00a0\u00bb{}\u00a0\u00bb][et_pb_column type=\u00a0\u00bb1_2&Prime; _builder_version=\u00a0\u00bb4.24.2&Prime; _module_preset=\u00a0\u00bbdefault\u00a0\u00bb global_colors_info=\u00a0\u00bb{}\u00a0\u00bb][et_pb_button button_url=\u00a0\u00bbhttps:\/\/youtu.be\/pqeYJoS1Y8Y?si=coqnThPUUdo55acb\u00a0\u00bb button_text=\u00a0\u00bbBande D\u00e9mo DANSEUSE\u00a0\u00bb _builder_version=\u00a0\u00bb4.25.0&Prime; _module_preset=\u00a0\u00bbdefault\u00a0\u00bb custom_button=\u00a0\u00bbon\u00a0\u00bb button_text_size=\u00a0\u00bb20px\u00a0\u00bb button_text_color=\u00a0\u00bb#932400&Prime; button_use_icon=\u00a0\u00bboff\u00a0\u00bb custom_margin=\u00a0\u00bb|64px||||\u00a0\u00bb box_shadow_style=\u00a0\u00bbpreset2&Prime; global_colors_info=\u00a0\u00bb{}\u00a0\u00bb][\/et_pb_button][\/et_pb_column][et_pb_column type=\u00a0\u00bb1_2&Prime; _builder_version=\u00a0\u00bb4.24.2&Prime; _module_preset=\u00a0\u00bbdefault\u00a0\u00bb global_colors_info=\u00a0\u00bb{}\u00a0\u00bb][et_pb_button button_url=\u00a0\u00bbhttps:\/\/youtube.com\/shorts\/4KQEmUSKqP4?si=TtrpRRIDD88bfi-Z\u00a0\u00bb button_text=\u00a0\u00bbBande D\u00e9mo ACROBATE\u00a0\u00bb _builder_version=\u00a0\u00bb4.25.0&Prime; _module_preset=\u00a0\u00bbdefault\u00a0\u00bb custom_button=\u00a0\u00bbon\u00a0\u00bb button_text_size=\u00a0\u00bb20px\u00a0\u00bb button_text_color=\u00a0\u00bb#932400&Prime; button_use_icon=\u00a0\u00bboff\u00a0\u00bb custom_margin=\u00a0\u00bb|||65px||\u00a0\u00bb box_shadow_style=\u00a0\u00bbpreset2&Prime; global_colors_info=\u00a0\u00bb{}\u00a0\u00bb][\/et_pb_button][\/et_pb_column][\/et_pb_row][\/et_pb_section][et_pb_section fb_built=\u00a0\u00bb1&Prime; _builder_version=\u00a0\u00bb4.24.2&Prime; _module_preset=\u00a0\u00bbdefault\u00a0\u00bb use_background_color_gradient=\u00a0\u00bbon\u00a0\u00bb background_color_gradient_direction=\u00a0\u00bb255deg\u00a0\u00bb background_color_gradient_stops=\u00a0\u00bb#ffffff 1%|#000000 79%\u00a0\u00bb background_image=\u00a0\u00bbhttps:\/\/jadepatisson.com\/wp-content\/uploads\/2024\/03\/Jade-Patisson-danseuse-e1709394123332.jpg\u00a0\u00bb background_blend=\u00a0\u00bbmultiply\u00a0\u00bb global_colors_info=\u00a0\u00bb{}\u00a0\u00bb][et_pb_row _builder_version=\u00a0\u00bb4.24.2&Prime; _module_preset=\u00a0\u00bbdefault\u00a0\u00bb global_colors_info=\u00a0\u00bb{}\u00a0\u00bb][et_pb_column type=\u00a0\u00bb4_4&Prime; _builder_version=\u00a0\u00bb4.24.2&Prime; _module_preset=\u00a0\u00bbdefault\u00a0\u00bb global_colors_info=\u00a0\u00bb{}\u00a0\u00bb][et_pb_text _builder_version=\u00a0\u00bb4.24.2&Prime; _module_preset=\u00a0\u00bbdefault\u00a0\u00bb background_enable_image=\u00a0\u00bboff\u00a0\u00bb custom_padding=\u00a0\u00bb7px|||||\u00a0\u00bb global_colors_info=\u00a0\u00bb{}\u00a0\u00bb]<\/p>\n<h2 class=\"et_pb_module_header\" style=\"text-align: justify;\"><strong><span style=\"color: #c4c4c4;\">De la Gymnaste \u00e0 la Danseuse-Acrobate<\/span><\/strong><\/h2>\n<div>\n<p style=\"text-align: justify;\"><span style=\"color: #c4c4c4;\"><\/span><\/p>\n<p style=\"text-align: justify;\"><span style=\"color: #c4c4c4;\">Artiste polyvalente, j&rsquo;ai fait mes premiers pas dans la gymnastique de Haut-Niveau. Multiple m\u00e9daill\u00e9e nationale et sur des tournois internationnaux, j&rsquo;apprends d\u00e8s mon plus jeune \u00e2ge les bases de la danse classique (Gr\u00e9gory Milan) et du jazz (Anne-Sophie Andriesse), lors des sessions de choregraphie incorpor\u00e9es \u00e0 mes entra\u00eenements.<\/span><\/p>\n<p style=\"text-align: justify;\"><span style=\"color: #c4c4c4;\">A 17 ans, sur la fin de ma carri\u00e8re de gymnaste, je pousse pour la premi\u00e8re fois les portes des studios de danse parisiens pour commencer \u00e0 pr\u00e9parer mon avenir professionnel de danseuse. C\u2019est finalement cinq ans plus tard, que je me consacre d\u00e9finitivement \u00e0 ma formation de danseuse aupr\u00e8s de Lionel Amadote.<\/span><\/p>\n<p style=\"text-align: justify;\"><span style=\"color: #c4c4c4;\">A 23 ans, je d\u00e9croche ainsi le r\u00f4le de Maliya (danseuse-acrobate-com\u00e9dienne) dans la Com\u00e9die Musicale <strong><em>No\u00e9, La Force de Vivre<\/em><\/strong> pour deux saisons cons\u00e9cutives, puis, je commence \u00e0 danser sur diff\u00e9rents \u00e9v\u00e9nements \u00e0 Disneyland Paris.<\/span><\/p>\n<p style=\"text-align: justify;\"><span style=\"color: #c4c4c4;\">En 2024, j&rsquo;int\u00e8gre la troupe de la Com\u00e9die Musicale <strong><em>Starmusical<\/em> <\/strong>(chanteuse-danseuse-acrobate) en Tourn\u00e9e en France.<\/span><\/p>\n<p style=\"text-align: justify;\"><span style=\"color: #c4c4c4;\">En parall\u00e8le, j\u2019ai \u00e9galement eu l\u2019occasion de travailler en tant que danseuse-acrobate dans le domaine de la publicit\u00e9 pour des marques telles que Longines, Uniqlo, Perrier, La Banque Populaire, Stylist Magazine\u2026<\/span><\/p>\n<\/div>\n<p>[\/et_pb_text][\/et_pb_column][\/et_pb_row][\/et_pb_section][et_pb_section fb_built=\u00a0\u00bb1&Prime; _builder_version=\u00a0\u00bb4.24.2&Prime; _module_preset=\u00a0\u00bbdefault\u00a0\u00bb background_color=\u00a0\u00bb#f4f4f4&Prime; custom_padding=\u00a0\u00bb47px||3px|||\u00a0\u00bb global_colors_info=\u00a0\u00bb{}\u00a0\u00bb][et_pb_row _builder_version=\u00a0\u00bb4.24.2&Prime; _module_preset=\u00a0\u00bbdefault\u00a0\u00bb global_colors_info=\u00a0\u00bb{}\u00a0\u00bb][et_pb_column type=\u00a0\u00bb4_4&Prime; _builder_version=\u00a0\u00bb4.24.2&Prime; _module_preset=\u00a0\u00bbdefault\u00a0\u00bb global_colors_info=\u00a0\u00bb{}\u00a0\u00bb][et_pb_text _builder_version=\u00a0\u00bb4.24.2&Prime; _module_preset=\u00a0\u00bbdefault\u00a0\u00bb text_font_size=\u00a0\u00bb38px\u00a0\u00bb text_letter_spacing=\u00a0\u00bb6px\u00a0\u00bb text_text_shadow_style=\u00a0\u00bbpreset2&Prime; global_colors_info=\u00a0\u00bb{}\u00a0\u00bb]<\/p>\n<h1 style=\"text-align: center;\">DANSEUSE :<\/h1>\n<h1 style=\"text-align: center;\">EXPERIENCES \/ VIDEOS<\/h1>\n<p>[\/et_pb_text][\/et_pb_column][\/et_pb_row][et_pb_row column_structure=\u00a0\u00bb1_5,1_5,1_5,1_5,1_5&Prime; _builder_version=\u00a0\u00bb4.20.0&Prime; _module_preset=\u00a0\u00bbdefault\u00a0\u00bb width=\u00a0\u00bb109.5%\u00a0\u00bb max_width=\u00a0\u00bb1380px\u00a0\u00bb custom_padding=\u00a0\u00bb|129px||126px||\u00a0\u00bb global_colors_info=\u00a0\u00bb{}\u00a0\u00bb][et_pb_column type=\u00a0\u00bb1_5&Prime; _builder_version=\u00a0\u00bb4.17.6&Prime; _module_preset=\u00a0\u00bbdefault\u00a0\u00bb global_colors_info=\u00a0\u00bb{}\u00a0\u00bb][et_pb_image src=\u00a0\u00bbhttps:\/\/jadepatisson.com\/wp-content\/uploads\/2023\/11\/20231112_205354-1.jpg\u00a0\u00bb title_text=\u00a0\u00bb20231112_205354&Prime; url=\u00a0\u00bbhttps:\/\/www.instagram.com\/reel\/CzjvdaurMCz\/?utm_source=ig_web_copy_link&#038;igshid=MzRlODBiNWFlZA==\u00a0\u00bb align=\u00a0\u00bbcenter\u00a0\u00bb _builder_version=\u00a0\u00bb4.22.1&Prime; _module_preset=\u00a0\u00bbdefault\u00a0\u00bb width=\u00a0\u00bb89%\u00a0\u00bb custom_margin=\u00a0\u00bb2px||34px|||\u00a0\u00bb custom_padding=\u00a0\u00bb0px|||||\u00a0\u00bb box_shadow_style=\u00a0\u00bbpreset2&Prime; global_colors_info=\u00a0\u00bb{}\u00a0\u00bb][\/et_pb_image][et_pb_text _builder_version=\u00a0\u00bb4.25.0&Prime; _module_preset=\u00a0\u00bbdefault\u00a0\u00bb custom_margin=\u00a0\u00bb||45px|||\u00a0\u00bb link_option_url=\u00a0\u00bbhttps:\/\/www.instagram.com\/reel\/CzjvdaurMCz\/?utm_source=ig_web_copy_link&#038;igshid=MzRlODBiNWFlZA==\u00a0\u00bb global_colors_info=\u00a0\u00bb{}\u00a0\u00bb]<\/p>\n<p style=\"text-align: center;\"><strong>Danse &#8211; Stage New York City<\/strong><\/p>\n<p style=\"text-align: center;\">Contemporary &#8211; Lyrical &#8211; Theater<strong><\/strong><\/p>\n<p>[\/et_pb_text][et_pb_image src=\u00a0\u00bbhttps:\/\/jadepatisson.com\/wp-content\/uploads\/2022\/07\/JAZZ-2.png\u00a0\u00bb title_text=\u00a0\u00bbJAZZ 2&Prime; url=\u00a0\u00bbhttps:\/\/youtu.be\/tRgXPJi_lsg\u00a0\u00bb align=\u00a0\u00bbcenter\u00a0\u00bb _builder_version=\u00a0\u00bb4.21.0&Prime; _module_preset=\u00a0\u00bbdefault\u00a0\u00bb transform_scale=\u00a0\u00bb99%|99%\u00a0\u00bb transform_translate=\u00a0\u00bb0px|-2px\u00a0\u00bb transform_translate_linked=\u00a0\u00bboff\u00a0\u00bb width=\u00a0\u00bb90%\u00a0\u00bb custom_margin=\u00a0\u00bb-4px||21px|||\u00a0\u00bb custom_padding=\u00a0\u00bb8px|||||\u00a0\u00bb box_shadow_style=\u00a0\u00bbpreset2&Prime; global_colors_info=\u00a0\u00bb{}\u00a0\u00bb][\/et_pb_image][et_pb_text _builder_version=\u00a0\u00bb4.21.0&Prime; _module_preset=\u00a0\u00bbdefault\u00a0\u00bb global_colors_info=\u00a0\u00bb{}\u00a0\u00bb]<\/p>\n<p style=\"text-align: center;\"><strong>Danse &#8211; Jazz<\/strong><\/p>\n<p style=\"text-align: center;\">Cr\u00e9ation par Jade Patisson<\/p>\n<p>[\/et_pb_text][\/et_pb_column][et_pb_column type=\u00a0\u00bb1_5&Prime; _builder_version=\u00a0\u00bb4.19.4&Prime; _module_preset=\u00a0\u00bbdefault\u00a0\u00bb global_colors_info=\u00a0\u00bb{}\u00a0\u00bb][et_pb_image src=\u00a0\u00bbhttps:\/\/jadepatisson.com\/wp-content\/uploads\/2023\/11\/Screenshot_20231129_014828_Gallery-1-1.jpg\u00a0\u00bb title_text=\u00a0\u00bbScreenshot_20231129_014828_Gallery (1)\u00a0\u00bb align=\u00a0\u00bbcenter\u00a0\u00bb _builder_version=\u00a0\u00bb4.22.1&Prime; _module_preset=\u00a0\u00bbdefault\u00a0\u00bb width=\u00a0\u00bb89%\u00a0\u00bb custom_margin=\u00a0\u00bb2px||34px|||\u00a0\u00bb custom_padding=\u00a0\u00bb0px|||||\u00a0\u00bb box_shadow_style=\u00a0\u00bbpreset2&Prime; global_colors_info=\u00a0\u00bb{}\u00a0\u00bb][\/et_pb_image][et_pb_text _builder_version=\u00a0\u00bb4.25.0&Prime; _module_preset=\u00a0\u00bbdefault\u00a0\u00bb custom_margin=\u00a0\u00bb||37px|||\u00a0\u00bb global_colors_info=\u00a0\u00bb{}\u00a0\u00bb]<\/p>\n<p style=\"text-align: center;\"><strong>Danse &#8211; Event Disneyland Paris &#8211; Villainous Night\u00a0<\/strong><\/p>\n<p style=\"text-align: center;\">Chor\u00e9graphies : Johan Nus<\/p>\n<p style=\"text-align: center;\"><strong><\/strong><\/p>\n<p>[\/et_pb_text][et_pb_image src=\u00a0\u00bbhttps:\/\/jadepatisson.com\/wp-content\/uploads\/2023\/05\/Jade-Patisson-Trampoline-2-e1709395597164.jpeg\u00a0\u00bb title_text=\u00a0\u00bbJade Patisson Trampoline 2&Prime; _builder_version=\u00a0\u00bb4.24.2&Prime; _module_preset=\u00a0\u00bbdefault\u00a0\u00bb global_colors_info=\u00a0\u00bb{}\u00a0\u00bb][\/et_pb_image][et_pb_text _builder_version=\u00a0\u00bb4.25.0&Prime; _module_preset=\u00a0\u00bbdefault\u00a0\u00bb global_colors_info=\u00a0\u00bb{}\u00a0\u00bb]<\/p>\n<p style=\"text-align: center;\"><strong>Trampoline<\/strong><\/p>\n<p style=\"text-align: center;\">Mai 2023<\/p>\n<p>[\/et_pb_text][\/et_pb_column][et_pb_column type=\u00a0\u00bb1_5&Prime; _builder_version=\u00a0\u00bb4.19.4&Prime; _module_preset=\u00a0\u00bbdefault\u00a0\u00bb global_colors_info=\u00a0\u00bb{}\u00a0\u00bb][et_pb_image src=\u00a0\u00bbhttps:\/\/jadepatisson.com\/wp-content\/uploads\/2023\/07\/dlp4bis.jpg\u00a0\u00bb title_text=\u00a0\u00bbdlp4bis\u00a0\u00bb url=\u00a0\u00bb@ET-DC@eyJkeW5hbWljIjp0cnVlLCJjb250ZW50IjoicG9zdF9saW5rX3VybF9wYWdlIiwic2V0dGluZ3MiOnsicG9zdF9pZCI6Ijg4NiJ9fQ==@\u00a0\u00bb align=\u00a0\u00bbcenter\u00a0\u00bb _builder_version=\u00a0\u00bb4.21.0&Prime; _dynamic_attributes=\u00a0\u00bburl\u00a0\u00bb _module_preset=\u00a0\u00bbdefault\u00a0\u00bb transform_scale=\u00a0\u00bb98%|98%\u00a0\u00bb transform_translate=\u00a0\u00bb0px|-1px\u00a0\u00bb transform_translate_linked=\u00a0\u00bboff\u00a0\u00bb width=\u00a0\u00bb100%\u00a0\u00bb custom_margin=\u00a0\u00bb||32px|||\u00a0\u00bb box_shadow_style=\u00a0\u00bbpreset2&Prime; global_colors_info=\u00a0\u00bb{}\u00a0\u00bb][\/et_pb_image][et_pb_text _builder_version=\u00a0\u00bb4.25.0&Prime; _module_preset=\u00a0\u00bbdefault\u00a0\u00bb custom_padding=\u00a0\u00bb||0px|||\u00a0\u00bb global_colors_info=\u00a0\u00bb{}\u00a0\u00bb]<\/p>\n<p style=\"text-align: center;\"><strong>Danse &#8211; Event Disneyland Paris &#8211; <\/strong><strong>Live Action <em>La Petite Sir\u00e8ne<\/em><\/strong><\/p>\n<p style=\"text-align: center;\">Chor\u00e9graphies : Tatiana Seguin<\/p>\n<p>[\/et_pb_text][et_pb_image src=\u00a0\u00bbhttps:\/\/jadepatisson.com\/wp-content\/uploads\/2023\/01\/Jade-Patisson-Acrobate-Janvier-2023-2.png\u00a0\u00bb title_text=\u00a0\u00bbJade Patisson Acrobate Janvier 2023&Prime; url=\u00a0\u00bbhttps:\/\/youtu.be\/Z_Ykzq9etlY\u00a0\u00bb align=\u00a0\u00bbcenter\u00a0\u00bb _builder_version=\u00a0\u00bb4.21.0&Prime; _module_preset=\u00a0\u00bbdefault\u00a0\u00bb width=\u00a0\u00bb88%\u00a0\u00bb max_height=\u00a0\u00bb986px\u00a0\u00bb custom_padding=\u00a0\u00bb0px|||||\u00a0\u00bb box_shadow_style=\u00a0\u00bbpreset2&Prime; global_colors_info=\u00a0\u00bb{}\u00a0\u00bb][\/et_pb_image][et_pb_text _builder_version=\u00a0\u00bb4.25.0&Prime; _module_preset=\u00a0\u00bbdefault\u00a0\u00bb global_colors_info=\u00a0\u00bb{}\u00a0\u00bb]<\/p>\n<p style=\"text-align: center;\"><strong>Acrobaties<\/strong><\/p>\n<p style=\"text-align: center;\">Janvier 2023<\/p>\n<p>[\/et_pb_text][\/et_pb_column][et_pb_column type=\u00a0\u00bb1_5&Prime; _builder_version=\u00a0\u00bb4.19.4&Prime; _module_preset=\u00a0\u00bbdefault\u00a0\u00bb global_colors_info=\u00a0\u00bb{}\u00a0\u00bb][et_pb_image src=\u00a0\u00bbhttps:\/\/jadepatisson.com\/wp-content\/uploads\/2023\/03\/Jade-Patisson-Jazz-Fusion.jpg\u00a0\u00bb title_text=\u00a0\u00bbJade Patisson &#8211; Jazz Fusion\u00a0\u00bb url=\u00a0\u00bbhttps:\/\/www.instagram.com\/p\/CpskpvZIag2\/\u00a0\u00bb align=\u00a0\u00bbcenter\u00a0\u00bb _builder_version=\u00a0\u00bb4.21.0&Prime; _module_preset=\u00a0\u00bbdefault\u00a0\u00bb width=\u00a0\u00bb89%\u00a0\u00bb max_height=\u00a0\u00bb1000px\u00a0\u00bb custom_margin=\u00a0\u00bb||37px|||\u00a0\u00bb box_shadow_style=\u00a0\u00bbpreset2&Prime; global_colors_info=\u00a0\u00bb{}\u00a0\u00bb][\/et_pb_image][et_pb_text _builder_version=\u00a0\u00bb4.21.0&Prime; _module_preset=\u00a0\u00bbdefault\u00a0\u00bb custom_margin=\u00a0\u00bb||58px|||\u00a0\u00bb global_colors_info=\u00a0\u00bb{}\u00a0\u00bb]<\/p>\n<p style=\"text-align: center;\"><strong>Danse &#8211; Jazz Fusion<\/strong><\/p>\n<p style=\"text-align: center;\">Cr\u00e9ation par Lionel Amadote<strong><\/strong><\/p>\n<p>[\/et_pb_text][et_pb_image src=\u00a0\u00bbhttps:\/\/jadepatisson.com\/wp-content\/uploads\/2022\/07\/IMG_1568-scaled.jpg\u00a0\u00bb title_text=\u00a0\u00bbIMG_1568&Prime; url=\u00a0\u00bbhttps:\/\/youtu.be\/J5c3bpWfQ4I\u00a0\u00bb align=\u00a0\u00bbcenter\u00a0\u00bb _builder_version=\u00a0\u00bb4.21.0&Prime; _module_preset=\u00a0\u00bbdefault\u00a0\u00bb transform_translate_linked=\u00a0\u00bboff\u00a0\u00bb width=\u00a0\u00bb90%\u00a0\u00bb custom_margin=\u00a0\u00bb-4px||28px|||\u00a0\u00bb custom_padding=\u00a0\u00bb20px|||||\u00a0\u00bb box_shadow_style=\u00a0\u00bbpreset2&Prime; global_colors_info=\u00a0\u00bb{}\u00a0\u00bb][\/et_pb_image][et_pb_text _builder_version=\u00a0\u00bb4.25.0&Prime; _module_preset=\u00a0\u00bbdefault\u00a0\u00bb global_colors_info=\u00a0\u00bb{}\u00a0\u00bb]<\/p>\n<p style=\"text-align: center;\"><strong>Danse &#8211; Gospel<\/strong><\/p>\n<p style=\"text-align: center;\">Concours International <em>Odyss\u00e9e de la Danse<\/em><\/p>\n<p>[\/et_pb_text][\/et_pb_column][et_pb_column type=\u00a0\u00bb1_5&Prime; _builder_version=\u00a0\u00bb4.19.4&Prime; _module_preset=\u00a0\u00bbdefault\u00a0\u00bb global_colors_info=\u00a0\u00bb{}\u00a0\u00bb][et_pb_image src=\u00a0\u00bbhttps:\/\/jadepatisson.com\/wp-content\/uploads\/2022\/07\/271305765_461050415580006_6820622775908592117_n-2.jpg\u00a0\u00bb title_text=\u00a0\u00bb271305765_461050415580006_6820622775908592117_n\u00a0\u00bb url=\u00a0\u00bb@ET-DC@eyJkeW5hbWljIjp0cnVlLCJjb250ZW50IjoicG9zdF9saW5rX3VybF9wYWdlIiwic2V0dGluZ3MiOnsicG9zdF9pZCI6IjM3MCJ9fQ==@\u00a0\u00bb align=\u00a0\u00bbcenter\u00a0\u00bb _builder_version=\u00a0\u00bb4.21.0&Prime; _dynamic_attributes=\u00a0\u00bburl\u00a0\u00bb _module_preset=\u00a0\u00bbdefault\u00a0\u00bb transform_scale=\u00a0\u00bb98%|98%\u00a0\u00bb transform_translate=\u00a0\u00bb0px|-1px\u00a0\u00bb transform_translate_linked=\u00a0\u00bboff\u00a0\u00bb width=\u00a0\u00bb90%\u00a0\u00bb custom_padding=\u00a0\u00bb0px|||||\u00a0\u00bb box_shadow_style=\u00a0\u00bbpreset2&Prime; global_colors_info=\u00a0\u00bb{}\u00a0\u00bb][\/et_pb_image][et_pb_text _builder_version=\u00a0\u00bb4.25.0&Prime; _module_preset=\u00a0\u00bbdefault\u00a0\u00bb global_colors_info=\u00a0\u00bb{}\u00a0\u00bb]<\/p>\n<p style=\"text-align: center;\"><strong>Com\u00e9die musicale &#8211; <em>N<\/em><\/strong><strong><em>o\u00e9, la force de vivre<\/em><\/strong><\/p>\n<p style=\"text-align: center;\">Chor\u00e9graphies : Val\u00e9rie Masset<\/p>\n<p>[\/et_pb_text][et_pb_image src=\u00a0\u00bbhttps:\/\/jadepatisson.com\/wp-content\/uploads\/2022\/07\/contempo2.png\u00a0\u00bb title_text=\u00a0\u00bbcontempo2&Prime; align=\u00a0\u00bbcenter\u00a0\u00bb _builder_version=\u00a0\u00bb4.25.0&Prime; _module_preset=\u00a0\u00bbdefault\u00a0\u00bb width=\u00a0\u00bb89%\u00a0\u00bb custom_margin=\u00a0\u00bb50px||34px|||\u00a0\u00bb custom_padding=\u00a0\u00bb0px|||||\u00a0\u00bb box_shadow_style=\u00a0\u00bbpreset2&Prime; global_colors_info=\u00a0\u00bb{}\u00a0\u00bb][\/et_pb_image][et_pb_text _builder_version=\u00a0\u00bb4.25.0&Prime; _module_preset=\u00a0\u00bbdefault\u00a0\u00bb custom_padding=\u00a0\u00bb||9px|||\u00a0\u00bb global_colors_info=\u00a0\u00bb{}\u00a0\u00bb]<\/p>\n<p style=\"text-align: center;\"><strong>Danse &#8211; Contemporain<\/strong><\/p>\n<p style=\"text-align: center;\">Cr\u00e9ation par Lionel Amadote<\/p>\n<p>[\/et_pb_text][\/et_pb_column][\/et_pb_row][\/et_pb_section][et_pb_section fb_built=\u00a0\u00bb1&Prime; _builder_version=\u00a0\u00bb4.24.2&Prime; _module_preset=\u00a0\u00bbdefault\u00a0\u00bb use_background_color_gradient=\u00a0\u00bbon\u00a0\u00bb background_color_gradient_stops=\u00a0\u00bb#ffffff 0%|#000000 99%\u00a0\u00bb background_image=\u00a0\u00bbhttps:\/\/jadepatisson.com\/wp-content\/uploads\/2022\/07\/10321626_638633876212793_6185468027606950693_o.jpg\u00a0\u00bb background_blend=\u00a0\u00bbmultiply\u00a0\u00bb custom_padding=\u00a0\u00bb76px||82px|||\u00a0\u00bb global_colors_info=\u00a0\u00bb{}\u00a0\u00bb][et_pb_row _builder_version=\u00a0\u00bb4.24.2&Prime; _module_preset=\u00a0\u00bbdefault\u00a0\u00bb global_colors_info=\u00a0\u00bb{}\u00a0\u00bb][et_pb_column type=\u00a0\u00bb4_4&Prime; _builder_version=\u00a0\u00bb4.24.2&Prime; _module_preset=\u00a0\u00bbdefault\u00a0\u00bb global_colors_info=\u00a0\u00bb{}\u00a0\u00bb][et_pb_text _builder_version=\u00a0\u00bb4.24.2&Prime; _module_preset=\u00a0\u00bbdefault\u00a0\u00bb text_text_color=\u00a0\u00bb#FFFFFF\u00a0\u00bb global_colors_info=\u00a0\u00bb{}\u00a0\u00bb]<\/p>\n<h1 style=\"text-align: justify;\"><span style=\"color: #ffffff;\"><strong>Ancienne gymnaste de haut-niveau<\/strong><\/span><\/h1>\n<p style=\"text-align: justify;\">J\u2019ai commenc\u00e9 la gymnastique en BabyGym puis je suis rapidement entr\u00e9e en horaires am\u00e9nag\u00e9s au Centre R\u00e9gional de Meaux \u00e0 l\u2019\u00e2ge de 7 ans. D\u00e8s mes 8 ans, j\u2019ai \u00e9t\u00e9 d\u00e9tect\u00e9e afin d\u2019int\u00e9grer le cursus Haut-Niveau dans lequel je suis rest\u00e9e jusqu\u2019\u00e0 mes 16 ans.<\/p>\n<p style=\"text-align: justify;\">\u2013 De 2009 \u00e0 2011 : P\u00f4le Espoir de Meaux (sur Liste Minist\u00e9rielle HN de 2009 \u00e0 2011).<\/p>\n<p style=\"text-align: justify;\">\u2013 2012 : Championne de France \u00e0 la poutre.<\/p>\n<p style=\"text-align: justify;\">\u2013 2014 : Championne de France au concours g\u00e9n\u00e9ral et au sol ; 1\u00e8re en Finale au sol sur le Tournoi International de Blanc Mesnil et 3\u00e8me en finale poutre.<\/p>\n<p style=\"text-align: justify;\">\u2013 2015 : Championne de France au sol et Vice-Championne de France en \u00e9quipe DN1.<\/p>\n<p style=\"text-align: justify;\">\u2013 2017 : Vice-Championne de France Universitaire \u00e0 la Poutre et 3\u00e8me du Concours G\u00e9n\u00e9ral.<\/p>\n<p style=\"text-align: justify;\">\u2013 2018 : Championne de France au sol et finaliste du TOP 12 en \u00e9quipe.<\/p>\n<p>[\/et_pb_text][\/et_pb_column][\/et_pb_row][\/et_pb_section][et_pb_section fb_built=\u00a0\u00bb1&Prime; _builder_version=\u00a0\u00bb4.24.2&Prime; _module_preset=\u00a0\u00bbdefault\u00a0\u00bb background_color=\u00a0\u00bb#000000&Prime; custom_padding=\u00a0\u00bb4px||6px|||\u00a0\u00bb global_colors_info=\u00a0\u00bb{}\u00a0\u00bb][et_pb_row column_structure=\u00a0\u00bb1_2,1_2&Prime; _builder_version=\u00a0\u00bb4.24.2&Prime; _module_preset=\u00a0\u00bbdefault\u00a0\u00bb global_colors_info=\u00a0\u00bb{}\u00a0\u00bb][et_pb_column type=\u00a0\u00bb1_2&Prime; _builder_version=\u00a0\u00bb4.24.2&Prime; _module_preset=\u00a0\u00bbdefault\u00a0\u00bb global_colors_info=\u00a0\u00bb{}\u00a0\u00bb][et_pb_video src=\u00a0\u00bbhttps:\/\/youtu.be\/KsIX9Uf4cMs?si=FIPO4lEYapAl9J1I\u00a0\u00bb _builder_version=\u00a0\u00bb4.24.2&Prime; _module_preset=\u00a0\u00bbdefault\u00a0\u00bb global_colors_info=\u00a0\u00bb{}\u00a0\u00bb][\/et_pb_video][et_pb_text _builder_version=\u00a0\u00bb4.24.2&Prime; _module_preset=\u00a0\u00bbdefault\u00a0\u00bb custom_padding=\u00a0\u00bb|0px||||\u00a0\u00bb global_colors_info=\u00a0\u00bb{}\u00a0\u00bb]<\/p>\n<p style=\"text-align: center;\"><span style=\"color: #b2b2b2;\">Championnat de France Individuel 2018 (Auxerre) \u2013 Finale Sol (1\u00e8re)<\/span><\/p>\n<p>[\/et_pb_text][\/et_pb_column][et_pb_column type=\u00a0\u00bb1_2&Prime; _builder_version=\u00a0\u00bb4.24.2&Prime; _module_preset=\u00a0\u00bbdefault\u00a0\u00bb global_colors_info=\u00a0\u00bb{}\u00a0\u00bb][et_pb_video src=\u00a0\u00bbhttps:\/\/youtu.be\/BQgLxp8vlNU?si=PWfEOe_SFLt05Udb\u00a0\u00bb _builder_version=\u00a0\u00bb4.24.2&Prime; _module_preset=\u00a0\u00bbdefault\u00a0\u00bb global_colors_info=\u00a0\u00bb{}\u00a0\u00bb][\/et_pb_video][et_pb_text _builder_version=\u00a0\u00bb4.24.2&Prime; _module_preset=\u00a0\u00bbdefault\u00a0\u00bb global_colors_info=\u00a0\u00bb{}\u00a0\u00bb]<\/p>\n<p style=\"text-align: center;\"><span style=\"color: #b2b2b2;\">Championnat de France Individuel 2018 (Auxerre) \u2013 Finale Poutre (4\u00e8me)<\/span><\/p>\n<p>[\/et_pb_text][\/et_pb_column][\/et_pb_row][\/et_pb_section][et_pb_section fb_built=\u00a0\u00bb1&Prime; _builder_version=\u00a0\u00bb4.17.6&Prime; _module_preset=\u00a0\u00bbdefault\u00a0\u00bb background_color=\u00a0\u00bb#000000&Prime; custom_padding=\u00a0\u00bb40px||72px|||\u00a0\u00bb locked=\u00a0\u00bboff\u00a0\u00bb global_colors_info=\u00a0\u00bb{}\u00a0\u00bb][et_pb_row module_id=\u00a0\u00bbContact\u00a0\u00bb _builder_version=\u00a0\u00bb4.17.6&Prime; _module_preset=\u00a0\u00bbdefault\u00a0\u00bb global_colors_info=\u00a0\u00bb{}\u00a0\u00bb][et_pb_column type=\u00a0\u00bb4_4&Prime; _builder_version=\u00a0\u00bb4.17.6&Prime; _module_preset=\u00a0\u00bbdefault\u00a0\u00bb global_colors_info=\u00a0\u00bb{}\u00a0\u00bb][et_pb_text _builder_version=\u00a0\u00bb4.17.6&Prime; _module_preset=\u00a0\u00bbdefault\u00a0\u00bb min_height=\u00a0\u00bb159.8px\u00a0\u00bb custom_margin=\u00a0\u00bb1px|||||\u00a0\u00bb custom_padding=\u00a0\u00bb0px|||||\u00a0\u00bb global_colors_info=\u00a0\u00bb{}\u00a0\u00bb]<\/p>\n<h1><span style=\"color: #ffffff;\"><strong>CONTACT<\/strong><\/span><\/h1>\n<p>&nbsp;<\/p>\n<h3><span style=\"color: #ffffff;\"><a href=\"mailto:jadepatisson@gmail.com\" style=\"color: #ffffff;\">jade.patisson@gmail.com<\/a><\/span><\/h3>\n<p><span style=\"color: #ffffff;\"><\/span><\/p>\n<p>&nbsp;<\/p>\n<h1><a href=\"https:\/\/www.instagram.com\/jade.patisson\/\"><img loading=\"lazy\" decoding=\"async\" src=\"https:\/\/jadepatisson.com\/wp-content\/uploads\/2022\/08\/Instagram-logo-1-150x150.png\" width=\"99\" height=\"99\" alt=\"\" class=\"wp-image-612 alignnone size-thumbnail\" \/><\/a><\/h1>\n<p>[\/et_pb_text][\/et_pb_column][\/et_pb_row][\/et_pb_section]<\/p>\n","protected":false},"excerpt":{"rendered":"<p>Jade Patisson &#8211; ArtisteDanseuse-Interpr\u00e8te &amp; AcrobateUn parcours atypique, de la gymnaste de Haut-Niveau \u00e0 la danseuse professionelle&#8230;Actuellement chanteuse, danseuse-interpr\u00e8te et acrobate dans le Spectacle Musical STARMUSICAL qui d\u00e9butera le 13 F\u00e9vrier 2025 aux Folies Berg\u00e8re \u00e0 Paris et partira en Tourn\u00e9e dans toute la France. Production : Cheyenne Production Mise en sc\u00e8ne : David Alexis [&hellip;]<\/p>\n","protected":false},"author":2,"featured_media":0,"parent":0,"menu_order":0,"comment_status":"closed","ping_status":"closed","template":"","meta":{"_et_pb_use_builder":"on","_et_pb_old_content":"","_et_gb_content_width":"","footnotes":""},"class_list":["post-422","page","type-page","status-publish","hentry"],"_links":{"self":[{"href":"https:\/\/jadepatisson.com\/index.php?rest_route=\/wp\/v2\/pages\/422","targetHints":{"allow":["GET"]}}],"collection":[{"href":"https:\/\/jadepatisson.com\/index.php?rest_route=\/wp\/v2\/pages"}],"about":[{"href":"https:\/\/jadepatisson.com\/index.php?rest_route=\/wp\/v2\/types\/page"}],"author":[{"embeddable":true,"href":"https:\/\/jadepatisson.com\/index.php?rest_route=\/wp\/v2\/users\/2"}],"replies":[{"embeddable":true,"href":"https:\/\/jadepatisson.com\/index.php?rest_route=%2Fwp%2Fv2%2Fcomments&post=422"}],"version-history":[{"count":38,"href":"https:\/\/jadepatisson.com\/index.php?rest_route=\/wp\/v2\/pages\/422\/revisions"}],"predecessor-version":[{"id":1301,"href":"https:\/\/jadepatisson.com\/index.php?rest_route=\/wp\/v2\/pages\/422\/revisions\/1301"}],"wp:attachment":[{"href":"https:\/\/jadepatisson.com\/index.php?rest_route=%2Fwp%2Fv2%2Fmedia&parent=422"}],"curies":[{"name":"wp","href":"https:\/\/api.w.org\/{rel}","templated":true}]}}